{"version":"1.0","provider_name":"g\u00e9n\u00e9ration de conseils","provider_url":"https:\/\/boardgeneration.ch\/fr\/","author_name":"Pressedienst","author_url":"https:\/\/boardgeneration.ch\/fr\/author\/pressedienst\/","title":"8. Zillertal V\u00c4LLEY R\u00c4LLEY: ANGEPASSTER TERMINKALENDER - Board Generation","type":"rich","width":600,"height":338,"html":"<blockquote class=\"wp-embedded-content\" data-secret=\"iOc6u3rc91\"><a href=\"https:\/\/boardgeneration.ch\/fr\/8-zillertal-vaelley-raelley-angepasster-terminkalender\/\">8\u00e8me Zillertal V\u00c4LLEY R\u00c4LLEY : CALENDRIER ADAPT\u00c9<\/a><\/blockquote><iframe sandbox=\"allow-scripts\" security=\"restricted\" src=\"https:\/\/boardgeneration.ch\/fr\/8-zillertal-vaelley-raelley-angepasster-terminkalender\/embed\/#?secret=iOc6u3rc91\" width=\"600\" height=\"338\" title=\"\u00ab\u00a08. Zillertal V\u00c4LLEY R\u00c4LLEY: ANGEPASSTER TERMINKALENDER\u00a0\u00bb &#8212; Board Generation\" data-secret=\"iOc6u3rc91\" frameborder=\"0\" marginwidth=\"0\" marginheight=\"0\" scrolling=\"no\" class=\"wp-embedded-content\"><\/iframe><script type=\"text\/javascript\">\n\/* <![CDATA[ *\/\n\/*! This file is auto-generated *\/\n!function(d,l){\"use strict\";l.querySelector&&d.addEventListener&&\"undefined\"!=typeof URL&&(d.wp=d.wp||{},d.wp.receiveEmbedMessage||(d.wp.receiveEmbedMessage=function(e){var t=e.data;if((t||t.secret||t.message||t.value)&&!\/[^a-zA-Z0-9]\/.test(t.secret)){for(var s,r,n,a=l.querySelectorAll('iframe[data-secret=\"'+t.secret+'\"]'),o=l.querySelectorAll('blockquote[data-secret=\"'+t.secret+'\"]'),c=new RegExp(\"^https?:$\",\"i\"),i=0;i<o.length;i++)o[i].style.display=\"none\";for(i=0;i<a.length;i++)s=a[i],e.source===s.contentWindow&&(s.removeAttribute(\"style\"),\"height\"===t.message?(1e3<(r=parseInt(t.value,10))?r=1e3:~~r<200&&(r=200),s.height=r):\"link\"===t.message&&(r=new URL(s.getAttribute(\"src\")),n=new URL(t.value),c.test(n.protocol))&&n.host===r.host&&l.activeElement===s&&(d.top.location.href=t.value))}},d.addEventListener(\"message\",d.wp.receiveEmbedMessage,!1),l.addEventListener(\"DOMContentLoaded\",function(){for(var e,t,s=l.querySelectorAll(\"iframe.wp-embedded-content\"),r=0;r<s.length;r++)(t=(e=s[r]).getAttribute(\"data-secret\"))||(t=Math.random().toString(36).substring(2,12),e.src+=\"#?secret=\"+t,e.setAttribute(\"data-secret\",t)),e.contentWindow.postMessage({message:\"ready\",secret:t},\"*\")},!1)))}(window,document);\n\/* ]]> *\/\n<\/script>","thumbnail_url":"https:\/\/boardgeneration.ch\/wp-content\/uploads\/2020\/03\/20-03-01_zvr_Penken_Park_Contest__Moritz-Breu__by_Gustav_Hersmann_0128_lowres.jpg","thumbnail_width":1600,"thumbnail_height":1067,"description":"Erster Tourstopp jetzt ENDE FEBRUAR 2021 in MAYRHOFEN. Der Saisonstart der 8. Zillertal V\u00c4LLEY R\u00c4LLEY hosted by Blue Tomato und Ride Snowboards wird nun auf Ende Februar verschoben. Unter der Federf\u00fchrung des Snowboardclubs \u201eDie \u00c4sthetiker\u201c vereint die V\u00c4LLEY R\u00c4LLEY vier Snowboard Events f\u00fcr Nachwuchssportler unter dem Dach des Zillertals. Alle Tourstopps werden jeweils mit einem [&hellip;]"}