{"id":3145,"date":"2020-08-03T17:53:31","date_gmt":"2020-08-03T16:53:31","guid":{"rendered":"https:\/\/boardgeneration.ch\/events\/35-kaunertal-opening\/"},"modified":"2020-08-03T18:01:51","modified_gmt":"2020-08-03T17:01:51","slug":"35-kaunertal-opening","status":"publish","type":"ajde_events","link":"https:\/\/boardgeneration.ch\/fr\/events\/35-kaunertal-opening\/","title":{"rendered":"35e ouverture de Kaunertal"},"content":{"rendered":"<p>AVEC LA 35E VERSION DU L\u00c9GENDAIRE KAUNERTAL, NOUS C\u00c9L\u00c9BRONS AVEC TOUS LES SNOWBOARDERS ET FREESKIEURS LE D\u00c9BUT D'UNE NOUVELLE SAISON DE SNOWPARK.  LE NOUVEAU SNOWPARK DE 2 KM DE LONG CR\u00c9\u00c9 L'ANN\u00c9E DERNI\u00c8RE\u00a0<strong><a href=\"https:\/\/boardgeneration.ch\/fr\/tag\/naturerun\/\">#NATURERUN<\/a><\/strong>\u00a0SERA \u00c0 NOUVEAU \u00c9TENDUE ET ADAPT\u00c9E AVEC DE NOUVEAUX RAILS. LE \"NATURERUN 2.0\" VOUS ATTEND !<\/p>\n\n\n\n<figure class=\"wp-block-image size-large\"><img loading=\"lazy\" decoding=\"async\" width=\"683\" height=\"1024\" data-attachment-id=\"984\" data-permalink=\"https:\/\/boardgeneration.ch\/fr\/_mg_0294\/\" data-orig-file=\"https:\/\/boardgeneration.ch\/wp-content\/uploads\/2019\/10\/MG_0294.jpg\" data-orig-size=\"3456,5184\" data-comments-opened=\"1\" data-image-meta=\"{&quot;aperture&quot;:&quot;5&quot;,&quot;credit&quot;:&quot;Pascal Kesselmark::actionphotos.&quot;,&quot;camera&quot;:&quot;Canon EOS-1D X&quot;,&quot;caption&quot;:&quot;&quot;,&quot;created_timestamp&quot;:&quot;1570971070&quot;,&quot;copyright&quot;:&quot;&quot;,&quot;focal_length&quot;:&quot;170&quot;,&quot;iso&quot;:&quot;100&quot;,&quot;shutter_speed&quot;:&quot;0.001&quot;,&quot;title&quot;:&quot;&quot;,&quot;orientation&quot;:&quot;0&quot;}\" data-image-title=\"_MG_0294\" data-image-description=\"\" data-image-caption=\"\" data-medium-file=\"https:\/\/boardgeneration.ch\/wp-content\/uploads\/2019\/10\/MG_0294-200x300.jpg\" data-large-file=\"https:\/\/boardgeneration.ch\/wp-content\/uploads\/2019\/10\/MG_0294-683x1024.jpg\" src=\"https:\/\/boardgeneration.ch\/wp-content\/uploads\/2019\/10\/MG_0294-683x1024.jpg\" alt=\"\" class=\"wp-image-984\" srcset=\"https:\/\/boardgeneration.ch\/wp-content\/uploads\/2019\/10\/MG_0294-683x1024.jpg 683w, https:\/\/boardgeneration.ch\/wp-content\/uploads\/2019\/10\/MG_0294-200x300.jpg 200w, https:\/\/boardgeneration.ch\/wp-content\/uploads\/2019\/10\/MG_0294-768x1152.jpg 768w, https:\/\/boardgeneration.ch\/wp-content\/uploads\/2019\/10\/MG_0294-341x512.jpg 341w, https:\/\/boardgeneration.ch\/wp-content\/uploads\/2019\/10\/MG_0294-1365x2048.jpg 1365w\" sizes=\"auto, (max-width: 683px) 100vw, 683px\" \/><figcaption class=\"translation-block\"><span class=\"media-credit\"><a href=\"https:\/\/boardgeneration.ch\/en\/author\/bg_chef\/\" target=\"_self\">Pascal Kesselmark<\/a> | board generation<\/span><\/figcaption><\/figure>\n\n\n\n<p>L'ouverture du Kaunertal a toujours compt\u00e9 comme \"l'endroit o\u00f9 il faut \u00eatre\" pour c\u00e9l\u00e9brer le d\u00e9but de la saison. Avec 35 ans d'histoire, c'est l'\u00e9v\u00e9nement d'ouverture le plus r\u00e9put\u00e9 de son genre et il r\u00e9unit la sc\u00e8ne locale et internationale du snowboard et du freeski pour un week-end plein d'action, de plaisir, de r\u00e9unions, de sessions, de la fameuse atmosph\u00e8re d\u00e9contract\u00e9e et d'une installation de fat park, sans oublier.<\/p>\n\n\n\n<figure class=\"wp-block-image size-large\"><img loading=\"lazy\" decoding=\"async\" width=\"1024\" height=\"683\" data-attachment-id=\"987\" data-permalink=\"https:\/\/boardgeneration.ch\/fr\/_mg_0407\/\" data-orig-file=\"https:\/\/boardgeneration.ch\/wp-content\/uploads\/2019\/10\/MG_0407.jpg\" data-orig-size=\"5184,3456\" data-comments-opened=\"1\" data-image-meta=\"{&quot;aperture&quot;:&quot;2.8&quot;,&quot;credit&quot;:&quot;Pascal Kesselmark::actionphotos.&quot;,&quot;camera&quot;:&quot;Canon EOS-1D X&quot;,&quot;caption&quot;:&quot;&quot;,&quot;created_timestamp&quot;:&quot;1570972164&quot;,&quot;copyright&quot;:&quot;&quot;,&quot;focal_length&quot;:&quot;48&quot;,&quot;iso&quot;:&quot;400&quot;,&quot;shutter_speed&quot;:&quot;0.000125&quot;,&quot;title&quot;:&quot;&quot;,&quot;orientation&quot;:&quot;0&quot;}\" data-image-title=\"_MG_0407\" data-image-description=\"\" data-image-caption=\"&lt;p&gt;Entspannter Sonntag&lt;\/p&gt;\" data-medium-file=\"https:\/\/boardgeneration.ch\/wp-content\/uploads\/2019\/10\/MG_0407-300x200.jpg\" data-large-file=\"https:\/\/boardgeneration.ch\/wp-content\/uploads\/2019\/10\/MG_0407-1024x683.jpg\" src=\"https:\/\/boardgeneration.ch\/wp-content\/uploads\/2019\/10\/MG_0407-1024x683.jpg\" alt=\"\" class=\"wp-image-987\" srcset=\"https:\/\/boardgeneration.ch\/wp-content\/uploads\/2019\/10\/MG_0407-1024x683.jpg 1024w, https:\/\/boardgeneration.ch\/wp-content\/uploads\/2019\/10\/MG_0407-300x200.jpg 300w, https:\/\/boardgeneration.ch\/wp-content\/uploads\/2019\/10\/MG_0407-768x512.jpg 768w, https:\/\/boardgeneration.ch\/wp-content\/uploads\/2019\/10\/MG_0407-512x341.jpg 512w, https:\/\/boardgeneration.ch\/wp-content\/uploads\/2019\/10\/MG_0407-2048x1365.jpg 2048w\" sizes=\"auto, (max-width: 1024px) 100vw, 1024px\" \/><figcaption><span class=\"media-credit\"><a href=\"https:\/\/boardgeneration.ch\/fr\/author\/bg_chef\/\">Pascal Kesselmark<\/a> | g\u00e9n\u00e9ration du conseil d'administration<\/span> Un dimanche d\u00e9tendu<\/figcaption><\/figure>\n\n\n\n<p>Tenez-vous au courant et amenez tous vos amis !<\/p>\n\n\n\n<p><strong>Info :&nbsp;<a href=\"http:\/\/www.snowpark-kaunertal.tirol\/\" target=\"_blank\" rel=\"noreferrer noopener\">www.snowpark-kaunertal.tirol<\/a><\/strong><\/p>","protected":false},"author":1,"featured_media":982,"menu_order":0,"comment_status":"closed","ping_status":"closed","template":"","meta":[],"tags":[],"event_type":[],"event_type_2":[],"class_list":["post-3145","ajde_events","type-ajde_events","status-publish","has-post-thumbnail","hentry","event_location-kaunertal","event_organizer-snowpark-kaunertal"],"yoast_head":"<!-- This site is optimized with the Yoast SEO plugin v26.8 - https:\/\/yoast.com\/product\/yoast-seo-wordpress\/ -->\n<title>35. Kaunertal Opening - Board Generation<\/title>\n<meta name=\"robots\" content=\"index, follow, max-snippet:-1, max-image-preview:large, max-video-preview:-1\" \/>\n<link rel=\"canonical\" href=\"https:\/\/boardgeneration.ch\/fr\/events\/35-kaunertal-opening\/\" \/>\n<meta property=\"og:locale\" content=\"fr_FR\" \/>\n<meta property=\"og:type\" content=\"article\" \/>\n<meta property=\"og:title\" content=\"35. Kaunertal Opening - Board Generation\" \/>\n<meta property=\"og:description\" content=\"MIT DER 35. VERSION DES LEGEND\u00c4REN KAUNERTAL OPENINGS FEIERN WIR GEMEINSAM MIT ALLEN SNOWBOARDERN UND FREESKIERN DEN BEGINN EINER NEUEN SNOWPARK SAISON.\u00a0\u00a0DER IM LETZTEN JAHR NEU ENTSTANDENE 2KM LANGE\u00a0#NATURERUN\u00a0WIRD NOCHMALS AUSGEBAUT UND\u00a0\u00a0MIT NEUEN RAILS ADAPTIERT. DER \u201eNATURERUN 2.0\u201c WARTET AUF DICH!!! Das Kaunertal Opening z\u00e4hlt seit jeher als \u201ethe place to be\u201c um den Saisonstart [&hellip;]\" \/>\n<meta property=\"og:url\" content=\"https:\/\/boardgeneration.ch\/fr\/events\/35-kaunertal-opening\/\" \/>\n<meta property=\"og:site_name\" content=\"Board Generation\" \/>\n<meta property=\"article:publisher\" content=\"https:\/\/www.facebook.com\/boardgeneration.ch\" \/>\n<meta property=\"article:modified_time\" content=\"2020-08-03T17:01:51+00:00\" \/>\n<meta property=\"og:image\" content=\"https:\/\/boardgeneration.ch\/wp-content\/uploads\/2019\/10\/MG_0128.jpg\" \/>\n\t<meta property=\"og:image:width\" content=\"4522\" \/>\n\t<meta property=\"og:image:height\" content=\"3015\" \/>\n\t<meta property=\"og:image:type\" content=\"image\/jpeg\" \/>\n<meta name=\"twitter:card\" content=\"summary_large_image\" \/>\n<meta name=\"twitter:site\" content=\"@boardgen\" \/>\n<meta name=\"twitter:label1\" content=\"Dur\u00e9e de lecture estim\u00e9e\" \/>\n\t<meta name=\"twitter:data1\" content=\"1 minute\" \/>\n<script type=\"application\/ld+json\" class=\"yoast-schema-graph\">{\"@context\":\"https:\/\/schema.org\",\"@graph\":[{\"@type\":\"WebPage\",\"@id\":\"https:\/\/boardgeneration.ch\/fr\/events\/35-kaunertal-opening\/\",\"url\":\"https:\/\/boardgeneration.ch\/fr\/events\/35-kaunertal-opening\/\",\"name\":\"35. Kaunertal Opening - Board Generation\",\"isPartOf\":{\"@id\":\"https:\/\/boardgeneration.ch\/#website\"},\"primaryImageOfPage\":{\"@id\":\"https:\/\/boardgeneration.ch\/fr\/events\/35-kaunertal-opening\/#primaryimage\"},\"image\":{\"@id\":\"https:\/\/boardgeneration.ch\/fr\/events\/35-kaunertal-opening\/#primaryimage\"},\"thumbnailUrl\":\"https:\/\/boardgeneration.ch\/wp-content\/uploads\/2019\/10\/MG_0128.jpg\",\"datePublished\":\"2020-08-03T16:53:31+00:00\",\"dateModified\":\"2020-08-03T17:01:51+00:00\",\"breadcrumb\":{\"@id\":\"https:\/\/boardgeneration.ch\/fr\/events\/35-kaunertal-opening\/#breadcrumb\"},\"inLanguage\":\"fr-FR\",\"potentialAction\":[{\"@type\":\"ReadAction\",\"target\":[\"https:\/\/boardgeneration.ch\/fr\/events\/35-kaunertal-opening\/\"]}]},{\"@type\":\"ImageObject\",\"inLanguage\":\"fr-FR\",\"@id\":\"https:\/\/boardgeneration.ch\/fr\/events\/35-kaunertal-opening\/#primaryimage\",\"url\":\"https:\/\/boardgeneration.ch\/wp-content\/uploads\/2019\/10\/MG_0128.jpg\",\"contentUrl\":\"https:\/\/boardgeneration.ch\/wp-content\/uploads\/2019\/10\/MG_0128.jpg\",\"width\":4522,\"height\":3015},{\"@type\":\"BreadcrumbList\",\"@id\":\"https:\/\/boardgeneration.ch\/fr\/events\/35-kaunertal-opening\/#breadcrumb\",\"itemListElement\":[{\"@type\":\"ListItem\",\"position\":1,\"name\":\"Startseite\",\"item\":\"https:\/\/boardgeneration.ch\/\"},{\"@type\":\"ListItem\",\"position\":2,\"name\":\"Events\",\"item\":\"https:\/\/boardgeneration.ch\/events\/\"},{\"@type\":\"ListItem\",\"position\":3,\"name\":\"35. Kaunertal Opening\"}]},{\"@type\":\"WebSite\",\"@id\":\"https:\/\/boardgeneration.ch\/#website\",\"url\":\"https:\/\/boardgeneration.ch\/\",\"name\":\"board generation\",\"description\":\"Back to the Roots\",\"publisher\":{\"@id\":\"https:\/\/boardgeneration.ch\/#organization\"},\"potentialAction\":[{\"@type\":\"SearchAction\",\"target\":{\"@type\":\"EntryPoint\",\"urlTemplate\":\"https:\/\/boardgeneration.ch\/?s={search_term_string}\"},\"query-input\":{\"@type\":\"PropertyValueSpecification\",\"valueRequired\":true,\"valueName\":\"search_term_string\"}}],\"inLanguage\":\"fr-FR\"},{\"@type\":\"Organization\",\"@id\":\"https:\/\/boardgeneration.ch\/#organization\",\"name\":\"board generation\",\"url\":\"https:\/\/boardgeneration.ch\/\",\"logo\":{\"@type\":\"ImageObject\",\"inLanguage\":\"fr-FR\",\"@id\":\"https:\/\/boardgeneration.ch\/#\/schema\/logo\/image\/\",\"url\":\"https:\/\/boardgeneration.ch\/wp-content\/uploads\/2019\/01\/bg-logo_mit_Text.png\",\"contentUrl\":\"https:\/\/boardgeneration.ch\/wp-content\/uploads\/2019\/01\/bg-logo_mit_Text.png\",\"width\":1040,\"height\":1155,\"caption\":\"board generation\"},\"image\":{\"@id\":\"https:\/\/boardgeneration.ch\/#\/schema\/logo\/image\/\"},\"sameAs\":[\"https:\/\/www.facebook.com\/boardgeneration.ch\",\"https:\/\/x.com\/boardgen\",\"https:\/\/www.instagram.com\/boardgen\/\"]}]}<\/script>\n<!-- \/ Yoast SEO plugin. -->","yoast_head_json":{"title":"35. Kaunertal Opening - Board Generation","robots":{"index":"index","follow":"follow","max-snippet":"max-snippet:-1","max-image-preview":"max-image-preview:large","max-video-preview":"max-video-preview:-1"},"canonical":"https:\/\/boardgeneration.ch\/fr\/events\/35-kaunertal-opening\/","og_locale":"fr_FR","og_type":"article","og_title":"35. Kaunertal Opening - Board Generation","og_description":"MIT DER 35. VERSION DES LEGEND\u00c4REN KAUNERTAL OPENINGS FEIERN WIR GEMEINSAM MIT ALLEN SNOWBOARDERN UND FREESKIERN DEN BEGINN EINER NEUEN SNOWPARK SAISON.\u00a0\u00a0DER IM LETZTEN JAHR NEU ENTSTANDENE 2KM LANGE\u00a0#NATURERUN\u00a0WIRD NOCHMALS AUSGEBAUT UND\u00a0\u00a0MIT NEUEN RAILS ADAPTIERT. DER \u201eNATURERUN 2.0\u201c WARTET AUF DICH!!! Das Kaunertal Opening z\u00e4hlt seit jeher als \u201ethe place to be\u201c um den Saisonstart [&hellip;]","og_url":"https:\/\/boardgeneration.ch\/fr\/events\/35-kaunertal-opening\/","og_site_name":"Board Generation","article_publisher":"https:\/\/www.facebook.com\/boardgeneration.ch","article_modified_time":"2020-08-03T17:01:51+00:00","og_image":[{"width":4522,"height":3015,"url":"https:\/\/boardgeneration.ch\/wp-content\/uploads\/2019\/10\/MG_0128.jpg","type":"image\/jpeg"}],"twitter_card":"summary_large_image","twitter_site":"@boardgen","twitter_misc":{"Dur\u00e9e de lecture estim\u00e9e":"1 minute"},"schema":{"@context":"https:\/\/schema.org","@graph":[{"@type":"WebPage","@id":"https:\/\/boardgeneration.ch\/fr\/events\/35-kaunertal-opening\/","url":"https:\/\/boardgeneration.ch\/fr\/events\/35-kaunertal-opening\/","name":"35. Kaunertal Opening - Board Generation","isPartOf":{"@id":"https:\/\/boardgeneration.ch\/#website"},"primaryImageOfPage":{"@id":"https:\/\/boardgeneration.ch\/fr\/events\/35-kaunertal-opening\/#primaryimage"},"image":{"@id":"https:\/\/boardgeneration.ch\/fr\/events\/35-kaunertal-opening\/#primaryimage"},"thumbnailUrl":"https:\/\/boardgeneration.ch\/wp-content\/uploads\/2019\/10\/MG_0128.jpg","datePublished":"2020-08-03T16:53:31+00:00","dateModified":"2020-08-03T17:01:51+00:00","breadcrumb":{"@id":"https:\/\/boardgeneration.ch\/fr\/events\/35-kaunertal-opening\/#breadcrumb"},"inLanguage":"fr-FR","potentialAction":[{"@type":"ReadAction","target":["https:\/\/boardgeneration.ch\/fr\/events\/35-kaunertal-opening\/"]}]},{"@type":"ImageObject","inLanguage":"fr-FR","@id":"https:\/\/boardgeneration.ch\/fr\/events\/35-kaunertal-opening\/#primaryimage","url":"https:\/\/boardgeneration.ch\/wp-content\/uploads\/2019\/10\/MG_0128.jpg","contentUrl":"https:\/\/boardgeneration.ch\/wp-content\/uploads\/2019\/10\/MG_0128.jpg","width":4522,"height":3015},{"@type":"BreadcrumbList","@id":"https:\/\/boardgeneration.ch\/fr\/events\/35-kaunertal-opening\/#breadcrumb","itemListElement":[{"@type":"ListItem","position":1,"name":"Startseite","item":"https:\/\/boardgeneration.ch\/"},{"@type":"ListItem","position":2,"name":"Events","item":"https:\/\/boardgeneration.ch\/events\/"},{"@type":"ListItem","position":3,"name":"35. Kaunertal Opening"}]},{"@type":"WebSite","@id":"https:\/\/boardgeneration.ch\/#website","url":"https:\/\/boardgeneration.ch\/","name":"g\u00e9n\u00e9ration de conseils","description":"Retour aux sources","publisher":{"@id":"https:\/\/boardgeneration.ch\/#organization"},"potentialAction":[{"@type":"SearchAction","target":{"@type":"EntryPoint","urlTemplate":"https:\/\/boardgeneration.ch\/?s={search_term_string}"},"query-input":{"@type":"PropertyValueSpecification","valueRequired":true,"valueName":"search_term_string"}}],"inLanguage":"fr-FR"},{"@type":"Organization","@id":"https:\/\/boardgeneration.ch\/#organization","name":"g\u00e9n\u00e9ration de conseils","url":"https:\/\/boardgeneration.ch\/","logo":{"@type":"ImageObject","inLanguage":"fr-FR","@id":"https:\/\/boardgeneration.ch\/#\/schema\/logo\/image\/","url":"https:\/\/boardgeneration.ch\/wp-content\/uploads\/2019\/01\/bg-logo_mit_Text.png","contentUrl":"https:\/\/boardgeneration.ch\/wp-content\/uploads\/2019\/01\/bg-logo_mit_Text.png","width":1040,"height":1155,"caption":"board generation"},"image":{"@id":"https:\/\/boardgeneration.ch\/#\/schema\/logo\/image\/"},"sameAs":["https:\/\/www.facebook.com\/boardgeneration.ch","https:\/\/x.com\/boardgen","https:\/\/www.instagram.com\/boardgen\/"]}]}},"jetpack_sharing_enabled":true,"amp_enabled":true,"_links":{"self":[{"href":"https:\/\/boardgeneration.ch\/fr\/wp-json\/wp\/v2\/ajde_events\/3145","targetHints":{"allow":["GET"]}}],"collection":[{"href":"https:\/\/boardgeneration.ch\/fr\/wp-json\/wp\/v2\/ajde_events"}],"about":[{"href":"https:\/\/boardgeneration.ch\/fr\/wp-json\/wp\/v2\/types\/ajde_events"}],"author":[{"embeddable":true,"href":"https:\/\/boardgeneration.ch\/fr\/wp-json\/wp\/v2\/users\/1"}],"replies":[{"embeddable":true,"href":"https:\/\/boardgeneration.ch\/fr\/wp-json\/wp\/v2\/comments?post=3145"}],"wp:featuredmedia":[{"embeddable":true,"href":"https:\/\/boardgeneration.ch\/fr\/wp-json\/wp\/v2\/media\/982"}],"wp:attachment":[{"href":"https:\/\/boardgeneration.ch\/fr\/wp-json\/wp\/v2\/media?parent=3145"}],"wp:term":[{"taxonomy":"post_tag","embeddable":true,"href":"https:\/\/boardgeneration.ch\/fr\/wp-json\/wp\/v2\/tags?post=3145"},{"taxonomy":"event_type","embeddable":true,"href":"https:\/\/boardgeneration.ch\/fr\/wp-json\/wp\/v2\/event_type?post=3145"},{"taxonomy":"event_type_2","embeddable":true,"href":"https:\/\/boardgeneration.ch\/fr\/wp-json\/wp\/v2\/event_type_2?post=3145"}],"curies":[{"name":"wp","href":"https:\/\/api.w.org\/{rel}","templated":true}]}}