{"id":793,"date":"2019-06-30T23:43:26","date_gmt":"2019-06-30T22:43:26","guid":{"rendered":"https:\/\/boardgeneration.ch\/?page_id=793"},"modified":"2019-08-02T20:08:07","modified_gmt":"2019-08-02T19:08:07","slug":"datenschutzerklaerung","status":"publish","type":"page","link":"https:\/\/boardgeneration.ch\/fr\/datenschutzerklaerung\/","title":{"rendered":"Politique de confidentialit\u00e9"},"content":{"rendered":"\n<p>Die nachfolgende Datenschutzerkl\u00e4rung gilt f\u00fcr die Nutzung unseres Online-Angebots <em>[www.boardgeneration.ch] <\/em>(nachfolgend \u201eWebsite\u201c).<\/p>\n\n\n\n<p>Wir messen dem Datenschutz grosse Bedeutung\nbei. Die Erhebung und Verarbeitung Ihrer personenbezogenen Daten geschieht\nunter Beachtung der geltenden datenschutzrechtlichen Vorschriften, insbesondere\nder Datenschutzgrundverordnung (DSGVO).<\/p>\n\n\n\n<h1 class=\"wp-block-heading\">1 Verantwortlicher<\/h1>\n\n\n\n<p>Verantwortlicher f\u00fcr die Erhebung,\nVerarbeitung und Nutzung Ihrer personenbezogenen Daten im Sinne von Art. 4 Nr. 7 DSGVO ist<\/p>\n\n\n\n<p>[Pascal Kesselmark, Glatttalstrasse 118d, 8052 Z\u00fcrich]<\/p>\n\n\n\n<p>Sofern Sie der Erhebung, Verarbeitung oder\nNutzung Ihrer Daten durch uns nach Massgabe dieser Datenschutzbestimmungen\ninsgesamt oder f\u00fcr einzelne Massnahmen widersprechen wollen, k\u00f6nnen Sie Ihren\nWiderspruch an den\nVerantwortlichen richten.<\/p>\n\n\n\n<p>Sie k\u00f6nnen diese Datenschutzerkl\u00e4rung\njederzeit speichern und ausdrucken.<\/p>\n\n\n\n<h1 class=\"wp-block-heading\">2 Allgemeine Zwecke der Verarbeitung<\/h1>\n\n\n\n<p>Wir verwenden personenbezogene Daten zum Zweck des Betriebs der Website.<\/p>\n\n\n\n<h1 class=\"wp-block-heading\">3 Welche Daten wir verwenden und warum<\/h1>\n\n\n\n<h2 class=\"wp-block-heading\">3.1 Hosting<\/h2>\n\n\n\n<p>Die von uns in Anspruch genommenen\nHosting-Leistungen dienen der Zurverf\u00fcgungstellung der folgenden Leistungen: Infrastruktur-\nund Plattformdienstleistungen, Rechenkapazit\u00e4t, Speicherplatz und\nDatenbankdienste, Sicherheitsleistungen sowie technische Wartungsleistungen,\ndie wir zum Zweck des Betriebs der Website einsetzen.<\/p>\n\n\n\n<p>Hierbei verarbeiten wir, bzw. unser Hostinganbieter\nBestandsdaten, Kontaktdaten, Inhaltsdaten, Vertragsdaten, Nutzungsdaten, Meta-\nund Kommunikationsdaten von Kunden, Interessenten und Besuchern dieser Website auf\nGrundlage unserer berechtigten Interessen an einer effizienten und sicheren\nZurverf\u00fcgungstellung unserer Website gem. Art. <a href=\"https:\/\/dejure.org\/gesetze\/DSGVO\/6.html\">6<\/a> Abs. 1 S. 1 f) DSGVO i.V.m. Art. <a href=\"https:\/\/dejure.org\/gesetze\/DSGVO\/28.html\">28<\/a> DSGVO.<\/p>\n\n\n\n<h2 class=\"wp-block-heading\">3.2 Zugriffsdaten<\/h2>\n\n\n\n<p>Wir sammeln Informationen \u00fcber Sie, wenn Sie\ndiese Website nutzen. Wir erfassen automatisch Informationen \u00fcber Ihr\nNutzungsverhalten und Ihre Interaktion mit uns und registrieren Daten zu\nIhrem Computer oder Mobilger\u00e4t. Wir erheben, speichern und nutzen Daten \u00fcber\njeden Zugriff auf unsere Website (sogenannte Serverlogfiles). Zu den Zugriffsdaten\ngeh\u00f6ren:<\/p>\n\n\n\n<ul class=\"wp-block-list\"><li>Name und URL der abgerufenen Datei<\/li><li>Datum und Uhrzeit des Abrufs<\/li><li>\u00fcbertragene Datenmenge<\/li><li>Meldung \u00fcber erfolgreichen Abruf\n(HTTP response code)<\/li><li>Browsertyp und Browserversion<\/li><li>Betriebssystem<\/li><li>Referer URL (d.h. die zuvor besuchte\nSeite)<\/li><li>Websites, die vom System des\nNutzers \u00fcber unsere Website aufgerufen werden<\/li><li>Internet-Service-Provider des\nNutzers<\/li><li>IP-Adresse und der anfragende\nProvider<\/li><\/ul>\n\n\n\n<p>Wir nutzen diese Protokolldaten ohne Zuordnung\nzu Ihrer Person oder sonstiger Profilerstellung f\u00fcr statistische Auswertungen\nzum Zweck des Betriebs, der Sicherheit und der Optimierung unserer Website, aber auch\nzur anonymen Erfassung der Anzahl der Besucher auf unserer Website (traffic)\nsowie zum Umfang und zur Art der Nutzung unserer Website und Dienste, ebenso zu\nAbrechnungszwecken, um die Anzahl der von Kooperationspartnern erhaltenen\nClicks zu messen. Aufgrund dieser Informationen k\u00f6nnen wir personalisierte und\nstandortbezogene Inhalte zur Verf\u00fcgung stellen und den Datenverkehr\nanalysieren, Fehler suchen und beheben und unsere Dienste verbessern.<\/p>\n\n\n\n<p>Hierin liegt auch\nunser berechtigtes Interesse gem\u00e4ss Art 6 Abs. 1 S. 1 f) DSGVO.<\/p>\n\n\n\n<p>Wir behalten uns vor, die Protokolldaten\nnachtr\u00e4glich zu \u00fcberpr\u00fcfen, wenn aufgrund konkreter Anhaltspunkte der\nberechtigte Verdacht einer rechtswidrigen Nutzung besteht. IP-Adressen\nspeichern wir f\u00fcr einen begrenzten Zeitraum in den Logfiles, wenn dies f\u00fcr\nSicherheitszwecke erforderlich oder f\u00fcr die Leistungserbringung oder die\nAbrechnung einer Leistung n\u00f6tig ist, z. B. wenn Sie eines unserer Angebote nutzen. Nach\nAbbruch des Vorgangs der Bestellung oder nach Zahlungseingang l\u00f6schen wir die\nIP-Adresse, wenn diese f\u00fcr Sicherheitszwecke nicht mehr erforderlich ist. IP-Adressen\nspeichern wir auch dann, wenn wir den konkreten Verdacht einer Straftat im\nZusammenhang mit der Nutzung unserer Website haben. Ausserdem speichern wir als\nTeil Ihres Accounts das Datum Ihres letzten Besuchs (z.B. bei Registrierung,\nLogin, Klicken von Links etc.).<\/p>\n\n\n\n<h2 class=\"wp-block-heading\">3.3 Cookies<\/h2>\n\n\n\n<p>Wir verwenden sogenannte Session-Cookies, um\nunsere Website zu\noptimieren. Ein Session-Cookie ist eine kleine Textdatei, die von den\njeweiligen Servern beim Besuch einer Internetseite verschickt und auf Ihrer\nFestplatte zwischengespeichert wird. Diese Datei als solche enth\u00e4lt eine sogenannte Session-ID, mit welcher\nsich verschiedene Anfragen Ihres Browsers der gemeinsamen\nSitzung zuordnen lassen. Dadurch kann Ihr Rechner wiedererkannt werden, wenn Sie auf unsere\nWebsite zur\u00fcckkehren. Diese Cookies werden gel\u00f6scht, nachdem Sie Ihren Browser\nschliessen. Sie dienen z. B. dazu, dass Sie die Warenkorbfunktion \u00fcber mehrere\nSeiten hinweg nutzen k\u00f6nnen.<\/p>\n\n\n\n<p>Wir verwenden in geringem Umfang auch\npersistente Cookies (ebenfalls kleine Textdateien, die auf Ihrem Endger\u00e4t\nabgelegt werden), die auf Ihrem Endger\u00e4t verbleiben und es uns erm\u00f6glichen,\nIhren Browser beim n\u00e4chsten Besuch wiederzuerkennen. Diese Cookies werden auf\nIhrer Festplatte gespeichert und l\u00f6schen sich nach der vorgegebenen Zeit von\nallein. Ihre Lebensdauer betr\u00e4gt 1 Monat bis 10 Jahre. So k\u00f6nnen wir Ihnen unser\nAngebot nutzerfreundlicher, effektiver und sicherer pr\u00e4sentieren und Ihnen\nbeispielsweise speziell auf Ihre Interessen abgestimmte Informationen auf der\nSeite anzeigen.<\/p>\n\n\n\n<p>Unser\nberechtigtes Interesse an der Nutzung der Cookies gem\u00e4ss Art 6 Abs. 1 S. 1 f)\nDSGVO liegt darin, unsere Website nutzerfreundlicher, effektiver und sicherer\nzu machen.<\/p>\n\n\n\n<p>In den Cookies werden etwa folgende Daten und\nInformationen gespeichert:<\/p>\n\n\n\n<ul class=\"wp-block-list\"><li>Log-In-Informationen<\/li><li>Spracheinstellungen<\/li><li>eingegebene Suchbegriffe<\/li><li>Informationen \u00fcber die Anzahl der\nAufrufe unserer Website sowie Nutzung einzelner Funktionen unseres\nInternetauftritts.<\/li><\/ul>\n\n\n\n<p>Bei Aktivierung des Cookies wird diesem eine\nIdentifikationsnummer zugewiesen und eine Zuordnung Ihrer personenbezogenen\nDaten zu dieser Identifikationsnummer wird nicht vorgenommen. Ihr Name, Ihre\nIP-Adresse oder \u00e4hnliche Daten, die eine Zuordnung des Cookies zu Ihnen erm\u00f6glichen\nw\u00fcrden,\nwerden nicht in den Cookie eingelegt. Auf Basis der Cookie-Technologie erhalten\nwir lediglich pseudonymisierte Informationen, beispielsweise dar\u00fcber, welche\nSeiten unseres Shops besucht wurden, welche Produkte angesehen wurden, etc.<\/p>\n\n\n\n<p>Sie k\u00f6nnen Ihren Browser so einstellen, dass\nSie \u00fcber das Setzen von Cookies vorab informiert werden und im Einzelfall\nentscheiden k\u00f6nnen, ob Sie die Annahme von Cookies f\u00fcr bestimmte F\u00e4lle oder\ngenerell ausschliessen, oder dass Cookies komplett verhindert werden. Dadurch\nkann die Funktionalit\u00e4t der Website eingeschr\u00e4nkt werden.<\/p>\n\n\n\n<h2 class=\"wp-block-heading\">3.4 Daten zur Erf\u00fcllung unserer vertraglichen Pflichten<\/h2>\n\n\n\n<p>Wir verarbeiten personenbezogene Daten, die\nwir zur Erf\u00fcllung unserer&nbsp;vertraglichen Pflichten ben\u00f6tigen, etwa Name,\nAdresse, E-Mail-Adresse,&nbsp;&nbsp;bestellte Produkte, Rechnungs- und\nZahlungsdaten. Die Erhebung dieser Daten ist f\u00fcr den Vertragsschluss\nerforderlich. <\/p>\n\n\n\n<p>Die L\u00f6schung der Daten erfolgt nach Ablauf der\nGew\u00e4hrleistungsfristen und gesetzlicher Aufbewahrungsfristen. Daten, die mit einem\nNutzerkonto verkn\u00fcpft sind (siehe unten), bleiben in jedem Fall f\u00fcr die Zeit\nder F\u00fchrung dieses Kontos erhalten.<\/p>\n\n\n\n<p>Die Rechtgrundlage f\u00fcr die Verarbeitung dieser\nDaten ist Art. 6 Abs. 1 S. 1 b) DSGVO, denn diese Daten werden ben\u00f6tigt, damit wir unsere vertraglichen\nPflichten Ihnen gegen\u00fcber erf\u00fcllen k\u00f6nnen. <\/p>\n\n\n\n<h2 class=\"wp-block-heading\">3.5 Nutzerkonto<\/h2>\n\n\n\n<p>Sie k\u00f6nnen auf unserer Website ein Nutzerkonto\nanlegen. W\u00fcnschen Sie dies, so ben\u00f6tigen wir die beim Login abgefragten\npersonenbezogenen Daten. Beim sp\u00e4teren Einloggen werden nur Ihre E-Mail bzw. Benutzername und das\nvon Ihnen gew\u00e4hlte Passwort ben\u00f6tigt. <\/p>\n\n\n\n<p>F\u00fcr die Neuregistrierung erheben wir Stammdaten (z. B. Name, Adresse),\nKommunikationsdaten (z. B. E-Mail-Adresse) und Zahlungsdaten (Bankverbindung)\nsowie Zugangsdaten (Benutzername u. Passwort).<\/p>\n\n\n\n<p>Um Ihre ordnungsgem\u00e4sse Anmeldung\nsicherzustellen und unautorisierte Anmeldungen durch Dritte zu verhindern,\nerhalten Sie nach Ihrer Registrierung einen Aktivierungslink per E-Mail, um\nIhren Account zu aktivieren. Erst nach erfolgter Registrierung speichern wir die\nvon Ihnen \u00fcbermittelten Daten dauerhaft in unserem System.<\/p>\n\n\n\n<p>Sie k\u00f6nnen ein einmal angelegtes Nutzerkonto jederzeit\nvon uns l\u00f6schen lassen, ohne dass hierf\u00fcr andere als die \u00dcbermittlungskosten\nnach den Basistarifen entstehen. Eine Mitteilung in Textform an die unter\nZiffer 1 genannten Kontaktdaten (z.B. E-Mail, Fax, Brief) reicht hierf\u00fcr aus.\nWir werden dann Ihre gespeicherten personenbezogenen Daten l\u00f6schen, soweit wir\ndiese nicht noch zur Abwicklung von Bestellungen oder aufgrund gesetzlicher\nAufbewahrungspflichten speichern m\u00fcssen.<\/p>\n\n\n\n<p>Rechtgrundlage f\u00fcr die Verarbeitung dieser\nDaten ist Ihre Einwilligung gem\u00e4ss Art. 6 Abs. 1 S. 1 a) DSGVO. <\/p>\n\n\n\n<h2 class=\"wp-block-heading\">3.6 Newsletter<\/h2>\n\n\n\n<p>Zur Anmeldung f\u00fcr den Newsletter werden die im\nAnmeldeprozess abgefragten Daten ben\u00f6tigt. Die Anmeldung zum Newsletter wird\nprotokolliert. Nach der Anmeldung erhalten sie auf die angegebene Emailadresse\neine Nachricht, in der Sie um die Best\u00e4tigung der Anmeldung gebeten werden\n(&#8222;Double Opt-in&#8220;). Das ist notwendig, damit sich nicht Dritte mit\nihrer Emailadresse anmelden k\u00f6nnen. <\/p>\n\n\n\n<p>Sie k\u00f6nnen jederzeit Ihre Einwilligung zum\nEmpfang des Newsletters widerrufen und somit den Newsletter abbestellen.<\/p>\n\n\n\n<p>Wir speichern die Anmeldedaten solange diese\nf\u00fcr den Versand des Newsletters ben\u00f6tigt werden. Die Protokollierung der\nAnmeldung und die Versandadresse speichern wir, solange ein Interesse am\nNachweis der urspr\u00fcnglich gegebenen Einwilligung bestand, in der Regel sind das\ndie Verj\u00e4hrungsfristen f\u00fcr zivilrechtliche Anspr\u00fcche, mithin maximal drei\nJahre.&nbsp; <\/p>\n\n\n\n<p>Rechtsgrundlage f\u00fcr den Versand des Newsletters ist Ihre Einwilligung gem. Art. 6 Abs. 1<a> <\/a>S. 1 a) iVm Art. 7 DSGVO iVm \u00a7 7 Abs. 2 Nr. 3 UWG. Rechtsgrundlage f\u00fcr die Protokollierung der Anmeldung ist unser berechtigtes Interesse am Nachweis, dass der Versand mit Ihrer Einwilligung vorgenommen wurde.<\/p>\n\n\n\n<p>Sie k\u00f6nnen die Anmeldung jederzeit r\u00fcckg\u00e4ngig\nmachen, ohne dass hierf\u00fcr andere als die \u00dcbermittlungskosten nach den\nBasistarifen entstehen. Eine Mitteilung in Textform an die unter Ziffer 1\ngenannten Kontaktdaten (z.B. E-Mail, Fax, Brief) reicht hierf\u00fcr aus.\nSelbstverst\u00e4ndlich finden Sie auch in jedem Newsletter einen Abmelde-Link.<\/p>\n\n\n\n<h2 class=\"wp-block-heading\">3.7 Produktempfehlungen<\/h2>\n\n\n\n<p>Wir senden Ihnen unabh\u00e4ngig vom Newsletter\nregelm\u00e4ssig Produktempfehlungen per E-Mail zu. Auf diese Weise lassen wir Ihnen\nInformationen \u00fcber Produkte aus unserem Angebot zukommen, f\u00fcr die Sie sich auf\nGrundlage Ihrer letzten K\u00e4ufe\nvon Waren oder Dienstleistungen bei uns interessieren\nk\u00f6nnten. Dabei richten wir uns streng nach den gesetzlichen Vorgaben. Dem\nk\u00f6nnen Sie jederzeit widersprechen, ohne dass hierf\u00fcr andere als die\n\u00dcbermittlungskosten nach den Basistarifen entstehen. Eine Mitteilung in\nTextform an die unter Ziffer 1 genannten Kontaktdaten (z.B. E-Mail, Fax, Brief)\nreicht hierf\u00fcr aus. Selbstverst\u00e4ndlich finden Sie auch in jeder E-Mail einen\nAbmelde-Link.<\/p>\n\n\n\n<p>Rechtsgrundlage\nhierf\u00fcr ist die gesetzliche Erlaubnis nach Art. 6 Abs. 1 S. 1 f) DSGVO iVm \u00a7 7 Abs. 3 UWG.<\/p>\n\n\n\n<h2 class=\"wp-block-heading\">3.8 E-Mail Kontakt<\/h2>\n\n\n\n<p>Wenn Sie mit uns in Kontakt treten (z. B. per Kontaktformular oder E-Mail),<a> <\/a>verarbeiten wir Ihre Angaben zur Bearbeitung der Anfrage sowie f\u00fcr den Fall, dass Anschlussfragen entstehen. <\/p>\n\n\n\n<p>Erfolgt die Datenverarbeitung zur Durchf\u00fchrung vorvertraglicher Massnahmen, die auf Ihre Anfrage hin\nerfolgen, bzw., wenn Sie bereits unser Kunde sind, zur Durchf\u00fchrung des Vertrages, ist Rechtsgrundlage f\u00fcr diese Datenverarbeitung Art. 6 Abs. 1 S. 1 b) DSGVO.<\/p>\n\n\n\n<p>Weitere\npersonenbezogene Daten verarbeiten wir nur,\nwenn Sie dazu einwilligen (Art. 6 Abs. 1 S. 1 a) DSGVO) oder wir\nein berechtigtes Interesse an der Verarbeitung Ihrer Daten haben (Art. 6 Abs. 1 S.\n1 f) DSGVO). Ein berechtigtes Interesse liegt z. B. darin, auf\nIhre E-Mail zu antworten.<\/p>\n\n\n\n<h1 class=\"wp-block-heading\">4 Google Analytics<\/h1>\n\n\n\n<p>Wir benutzen Google Analytics, einen\nWebanalysedienst der Google Inc. (\u201eGoogle\u201c). Google Analytics verwendet sog.\n\u201eCookies\u201c, Textdateien, die auf Ihrem Computer gespeichert werden und die eine Analyse\nder Benutzung der Website durch Sie erm\u00f6glichen. Die durch den Cookie erzeugten\nInformationen \u00fcber Benutzung dieser Website durch die Seitenbesucher werden in\nder Regel an einen Server von Google in den USA \u00fcbertragen und dort\ngespeichert.<\/p>\n\n\n\n<p>Hierin liegt auch\nunser berechtigtes Interesse gem\u00e4ss Art 6 Abs. 1 S. 1 f) DSGVO.<\/p>\n\n\n\n<p>Google hat sich dem zwischen der Europ\u00e4ischen Union und den USA\ngeschlossenen Privacy-Shield-Abkommen unterworfen und sich zertifiziert.\nDadurch verpflichtet sich Google, die Standards und Vorschriften des\neurop\u00e4ischen Datenschutzrechts einzuhalten. N\u00e4here Informationen k\u00f6nnen Sie dem\nnachfolgend verlinkten Eintrag entnehmen: <a href=\"https:\/\/www.privacyshield.gov\/participant?id=a2zt000000001L5AAI&amp;status=Active\">https:\/\/www.privacyshield.gov\/participant?id=a2zt000000001L5AAI&amp;status=Active<\/a>.<\/p>\n\n\n\n<p>Wir haben die IP-Anonymisierung auf dieser Website aktiviert (<em>anonymizeIp<\/em>).\nDadurch wird Ihre IP-Adresse von Google jedoch innerhalb\nvon Mitgliedstaaten der Europ\u00e4ischen Union oder in anderen Vertragsstaaten des\nAbkommens \u00fcber den Europ\u00e4ischen Wirtschaftsraum zuvor gek\u00fcrzt. Nur in\nAusnahmef\u00e4llen wird die volle IP-Adresse an einen Server von Google in den USA\n\u00fcbertragen und dort gek\u00fcrzt. In unserem Auftrag wird Google diese Informationen\nbenutzen, um die Nutzung der Website durch Sie auszuwerten, um Reports \u00fcber die\nWebsiteaktivit\u00e4ten zusammenzustellen und um weitere mit der Websitenutzung und\nder Internetnutzung verbundene Dienstleistungen uns gegen\u00fcber zu erbringen.<\/p>\n\n\n\n<p>Die im Rahmen von Google Analytics von Ihrem\nBrowser \u00fcbermittelte IP-Adresse wird nicht mit anderen Daten von Google\nzusammengef\u00fchrt. Sie k\u00f6nnen die Speicherung der Cookies durch eine\nentsprechende Einstellung Ihrer Browser-Software verhindern; wir weisen Sie\njedoch darauf hin, dass Sie in diesem Fall gegebenenfalls nicht s\u00e4mtliche\nFunktionen dieser Website vollumf\u00e4nglich werden nutzen k\u00f6nnen.<\/p>\n\n\n\n<p>Sie k\u00f6nnen dar\u00fcber hinaus die \u00dcbertragung der durch\ndas Cookie erzeugten und auf Ihre Nutzung der Website bezogenen Daten (inkl. Ihrer IP-Adresse)\nan Google sowie die Verarbeitung dieser Daten durch Google verhindern, indem\nSie das unter dem folgenden Link verf\u00fcgbare Browser-Plugin herunterladen und\ninstallieren:&nbsp;<a href=\"http:\/\/tools.google.com\/dlpage\/gaoptout?hl=de\" target=\"_blank\" rel=\"noreferrer noopener\">http:\/\/tools.google.com\/dlpage\/gaoptout?hl=de<\/a>.<\/p>\n\n\n\n<p>Alternativ zum Browser-Plugin oder innerhalb\nvon Browsern auf mobilen Ger\u00e4ten k\u00f6nnen Sie auf den folgenden Link klicken, um\nein Opt-Out-Cookie zu setzen, der die Erfassung durch Google Analytics innerhalb\ndieser Website zuk\u00fcnftig verhindert (dieses Opt-Out-Cookie funktioniert nur in\ndiesem Browser und nur f\u00fcr diese Domain. L\u00f6schen Sie die Cookies in Ihrem\nBrowser, m\u00fcssen Sie diesen Link erneut klicken):&nbsp;[<a href=\"javascript:gaOptout()\">Google Analytics deaktivieren<\/a>]<\/p>\n\n\n\n<h1 class=\"wp-block-heading\">5 Speicherdauer<\/h1>\n\n\n\n<p>Sofern nicht\nspezifisch angegeben speichern wir personenbezogene Daten nur so lange, wie\ndies zur Erf\u00fcllung der verfolgten Zwecke notwendig ist.<\/p>\n\n\n\n<p>In einigen F\u00e4llen sieht der Gesetzgeber die\nAufbewahrung von\npersonenbezogenen Daten vor, etwa im Steuer- oder\nHandelsrecht. In diesen F\u00e4llen werden die Daten von uns lediglich f\u00fcr diese\ngesetzlichen Zwecke weiter gespeichert, aber nicht anderweitig verarbeitet und nach Ablauf\nder gesetzlichen Aufbewahrungsfrist gel\u00f6scht.&nbsp;\n<\/p>\n\n\n\n<h1 class=\"wp-block-heading\">6 Ihre Rechte als von der Datenverarbeitung Betroffener<\/h1>\n\n\n\n<p>Nach den\nanwendbaren Gesetzen haben Sie verschiedene Rechte bez\u00fcglich Ihrer\npersonenbezogenen Daten. M\u00f6chten Sie diese Rechte geltend machen, so richten Sie Ihre Anfrage bitte per E-Mail oder per Post unter\neindeutiger Identifizierung Ihrer Person an die in Ziffer 1 genannte Adresse.<\/p>\n\n\n\n<p>Nachfolgend\nfinden Sie eine \u00dcbersicht \u00fcber Ihre Rechte.<\/p>\n\n\n\n<h2 class=\"wp-block-heading\">6.1 Recht auf Best\u00e4tigung und Auskunft<\/h2>\n\n\n\n<p>Sie haben das Recht auf eine \u00fcbersichtliche\nAuskunft \u00fcber die Verarbeitung Ihrer personenbezogenen Daten.<\/p>\n\n\n\n<p>Im Einzelnen: <\/p>\n\n\n\n<p>Sie haben\njederzeit das Recht, von uns eine Best\u00e4tigung dar\u00fcber zu erhalten, ob Sie\nbetreffende personenbezogene Daten verarbeitet werden. Ist dies der Fall, so\nhaben Sie das Recht, von uns eine unentgeltliche Auskunft \u00fcber die zu Ihnen\ngespeicherten personenbezogenen Daten nebst einer Kopie dieser Daten zu\nverlangen. Des Weiteren besteht ein Recht auf folgende Informationen: <\/p>\n\n\n\n<ol class=\"wp-block-list\"><li>die Verarbeitungszwecke;<\/li><li>die Kategorien personenbezogener\nDaten, die verarbeitet werden;<\/li><li>die Empf\u00e4nger oder Kategorien von\nEmpf\u00e4ngern, gegen\u00fcber denen die personenbezogenen Daten offengelegt worden sind\noder noch offengelegt werden, insbesondere bei Empf\u00e4ngern in Drittl\u00e4ndern oder\nbei internationalen Organisationen;<\/li><li>falls m\u00f6glich, die geplante Dauer, f\u00fcr die\ndie personenbezogenen Daten gespeichert werden, oder, falls dies nicht m\u00f6glich\nist, die Kriterien f\u00fcr die Festlegung dieser Dauer;<\/li><li>das Bestehen eines Rechts auf\nBerichtigung oder L\u00f6schung der Sie betreffenden personenbezogenen Daten oder auf\nEinschr\u00e4nkung der Verarbeitung durch den Verantwortlichen oder eines\nWiderspruchsrechts gegen diese Verarbeitung;<\/li><li>das Bestehen eines\nBeschwerderechts bei einer Aufsichtsbeh\u00f6rde;<\/li><li>wenn die personenbezogenen Daten\nnicht bei Ihnen erhoben werden, alle verf\u00fcgbaren Informationen \u00fcber die Herkunft der\nDaten;<\/li><li>das Bestehen einer automatisierten\nEntscheidungsfindung einschliesslich Profiling gem\u00e4ss&nbsp;<a href=\"https:\/\/dsgvo-gesetz.de\/art-22-dsgvo\/\">Art. 22<\/a>&nbsp;Abs. 1 und 4 DSGVO\nund \u2013 zumindest in diesen F\u00e4llen \u2013 aussagekr\u00e4ftige Informationen \u00fcber die\ninvolvierte Logik sowie die Tragweite und die angestrebten Auswirkungen einer\nderartigen Verarbeitung f\u00fcr Sie.<\/li><\/ol>\n\n\n\n<p>Werden personenbezogene Daten an ein Drittland\noder an eine internationale Organisation \u00fcbermittelt, so haben Sie das Recht, \u00fcber die\ngeeigneten Garantien gem\u00e4ss Art. 46 DSGVO im Zusammenhang mit der \u00dcbermittlung\nunterrichtet zu werden.<\/p>\n\n\n\n<h2 class=\"wp-block-heading\">6.2 Recht auf Berichtigung<\/h2>\n\n\n\n<p>Sie haben das Recht, von uns die Berichtigung\nund ggf. auch Vervollst\u00e4ndigung Sie betreffender personenbezogener Daten zu\nverlangen.<\/p>\n\n\n\n<p>Im Einzelnen:<\/p>\n\n\n\n<p>Sie haben das Recht, von uns unverz\u00fcglich die Berichtigung Sie betreffender unrichtiger personenbezogener Daten zu\nverlangen. Unter Ber\u00fccksichtigung der Zwecke der Verarbeitung haben Sie das\nRecht, die Vervollst\u00e4ndigung unvollst\u00e4ndiger personenbezogener Daten \u2013 auch\nmittels einer erg\u00e4nzenden Erkl\u00e4rung \u2013 zu verlangen.<\/p>\n\n\n\n<h2 class=\"wp-block-heading\">6.3 Recht auf L\u00f6schung (&#8222;Recht auf Vergessenwerden&#8220;)<\/h2>\n\n\n\n<p>In einer Reihe von F\u00e4llen sind wir\nverpflichtet, Sie betreffende personenbezogene Daten zu l\u00f6schen. <\/p>\n\n\n\n<p>Im Einzelnen:<\/p>\n\n\n\n<p>Sie haben gem\u00e4ss Art. 17 Abs.\n1 DSGVO das Recht, von uns zu verlangen, dass Sie betreffende\npersonenbezogene Daten unverz\u00fcglich gel\u00f6scht werden, und wir sind verpflichtet,\npersonenbezogene Daten unverz\u00fcglich zu l\u00f6schen, sofern einer der folgenden\nGr\u00fcnde zutrifft:<\/p>\n\n\n\n<ol class=\"wp-block-list\"><li>Die personenbezogenen Daten sind\nf\u00fcr die Zwecke, f\u00fcr die sie erhoben oder auf sonstige Weise verarbeitet wurden,\nnicht mehr notwendig.<\/li><li>Sie widerrufen Ihre Einwilligung,\nauf die sich die Verarbeitung gem\u00e4ss&nbsp;<a href=\"https:\/\/dsgvo-gesetz.de\/art-6-dsgvo\/\">Art. 6<\/a>&nbsp;Abs. 1 S. 1 &nbsp;a) DSGVO oder&nbsp;<a href=\"https:\/\/dsgvo-gesetz.de\/art-9-dsgvo\/\">Art. 9<\/a>&nbsp;Abs. 2 a) DSGVO st\u00fctzte, und es fehlt an einer anderweitigen Rechtsgrundlage f\u00fcr\ndie Verarbeitung.<\/li><li>Sie legen gem\u00e4ss&nbsp;<a href=\"https:\/\/dsgvo-gesetz.de\/art-21-dsgvo\/\">Art. 21<\/a>&nbsp;Abs. 1 DSGVO Widerspruch gegen die Verarbeitung ein und\nes liegen keine vorrangigen berechtigten Gr\u00fcnde f\u00fcr die Verarbeitung vor, oder\nSie legen gem\u00e4ss&nbsp;<a href=\"https:\/\/dsgvo-gesetz.de\/art-21-dsgvo\/\">Art. 21<\/a>&nbsp;Abs. 2 DSGVO Widerspruch gegen\ndie Verarbeitung ein.<\/li><li>Die personenbezogenen Daten wurden\nunrechtm\u00e4ssig verarbeitet.<\/li><li>Die L\u00f6schung der personenbezogenen\nDaten ist zur Erf\u00fcllung einer rechtlichen Verpflichtung nach dem Unionsrecht\noder dem Recht der Mitgliedstaaten erforderlich, dem wir unterliegen.<\/li><li>Die personenbezogenen Daten wurden\nin Bezug auf angebotene Dienste der Informationsgesellschaft gem\u00e4ss&nbsp;<a href=\"https:\/\/dsgvo-gesetz.de\/art-8-dsgvo\/\">Art. 8<\/a>&nbsp;Abs. 1 DSGVO erhoben.<\/li><\/ol>\n\n\n\n<p>Haben wir die personenbezogenen Daten \u00f6ffentlich gemacht und sind wir gem\u00e4ss Art. 17 Abs. 1 DSGVO zu\nderen L\u00f6schung verpflichtet, so treffen wir unter Ber\u00fccksichtigung der verf\u00fcgbaren\nTechnologie und der Implementierungskosten angemessene Massnahmen, auch\ntechnischer Art, um f\u00fcr die Datenverarbeitung Verantwortliche, die die personenbezogenen\nDaten verarbeiten, dar\u00fcber zu informieren, dass Sie von ihnen die L\u00f6schung\naller Links zu diesen personenbezogenen Daten oder von Kopien oder\nReplikationen dieser personenbezogenen Daten verlangt haben.<\/p>\n\n\n\n<h2 class=\"wp-block-heading\">6.4 Recht auf Einschr\u00e4nkung der Verarbeitung<\/h2>\n\n\n\n<p>In einer Reihe von F\u00e4llen sind Sie berechtigt,\nvon uns eine Einschr\u00e4nkung der Verarbeitung Ihrer personenbezogenen Daten zu\nverlangen. <\/p>\n\n\n\n<p>Im Einzelnen: <\/p>\n\n\n\n<p>Sie haben das Recht, von uns die Einschr\u00e4nkung der Verarbeitung zu verlangen, wenn eine der\nfolgenden Voraussetzungen gegeben ist:<\/p>\n\n\n\n<ol class=\"wp-block-list\"><li>die Richtigkeit der\npersonenbezogenen Daten wird\nvon Ihnen bestritten, und zwar f\u00fcr eine Dauer, die es uns erm\u00f6glicht, die\nRichtigkeit der personenbezogenen Daten zu \u00fcberpr\u00fcfen,<\/li><li>die Verarbeitung unrechtm\u00e4ssig ist\nund Sie\ndie L\u00f6schung der personenbezogenen Daten ablehnten und stattdessen die\nEinschr\u00e4nkung der Nutzung der personenbezogenen Daten verlangt haben;<\/li><li>wir die personenbezogenen Daten\nf\u00fcr die Zwecke der Verarbeitung nicht l\u00e4nger ben\u00f6tigen, Sie die Daten jedoch\nzur Geltendmachung, Aus\u00fcbung oder Verteidigung von Rechtsanspr\u00fcchen ben\u00f6tigen,\noder<\/li><li>Sie Widerspruch gegen die\nVerarbeitung gem\u00e4ss&nbsp;<a href=\"https:\/\/dsgvo-gesetz.de\/art-21-dsgvo\/\">Art. 21<\/a>&nbsp;Abs. 1 DSGVO eingelegt haben,\nsolange noch nicht feststeht, ob die berechtigten Gr\u00fcnde unseres Unternehmens\ngegen\u00fcber den Ihren \u00fcberwiegen.<\/li><\/ol>\n\n\n\n<h2 class=\"wp-block-heading\">6.5 Recht auf Daten\u00fcbertragbarkeit<\/h2>\n\n\n\n<p>Sie haben das Recht, Sie betreffende\npersonenbezogene Daten maschinenlesbar zu erhalten, zu \u00fcbermitteln, oder von\nuns \u00fcbermitteln zu lasen.<\/p>\n\n\n\n<p>Im Einzelnen: <\/p>\n\n\n\n<p>Sie haben das Recht, die Sie betreffenden\npersonenbezogenen Daten, die Sie uns bereitgestellt haben, in einem strukturierten,\ng\u00e4ngigen und maschinenlesbaren Format zu erhalten, und Sie haben das Recht,\ndiese Daten einem anderen Verantwortlichen ohne Behinderung durch uns zu\n\u00fcbermitteln, sofern<\/p>\n\n\n\n<ol class=\"wp-block-list\"><li>die Verarbeitung auf einer\nEinwilligung gem\u00e4ss&nbsp;<a href=\"https:\/\/dsgvo-gesetz.de\/art-6-dsgvo\/\">Art. 6<\/a>&nbsp;Abs. 1 S. 1 a) DSGVO oder&nbsp;<a href=\"https:\/\/dsgvo-gesetz.de\/art-9-dsgvo\/\">Art. 9<\/a>&nbsp;Abs. 2 a) DSGVO oder auf einem Vertrag gem\u00e4ss&nbsp;<a href=\"https:\/\/dsgvo-gesetz.de\/art-6-dsgvo\/\">Art. 6<\/a>&nbsp;Abs. 1 S. 1 b) DSGVO beruht und<\/li><li>die Verarbeitung mithilfe\nautomatisierter Verfahren erfolgt.<\/li><\/ol>\n\n\n\n<p>Bei der Aus\u00fcbung Ihres Rechts auf\nDaten\u00fcbertragbarkeit gem\u00e4ss Absatz 1 haben Sie das Recht, zu erwirken, dass die\npersonenbezogenen Daten direkt von uns einem anderen Verantwortlichen \u00fcbermittelt werden,\nsoweit dies technisch machbar ist.<\/p>\n\n\n\n<h2 class=\"wp-block-heading\">6.6 Widerspruchsrecht<\/h2>\n\n\n\n<p>Sie haben das Recht, auch einer rechtm\u00e4ssigen\nVerarbeitung Ihrer personenbezogenen Daten durch uns zu widersprechen, wenn\nsich dies aus Ihrer besonderen Situation begr\u00fcndet und unsere Interessen an der\nVerarbeitung nicht \u00fcberwiegen. <\/p>\n\n\n\n<p>Im Einzelnen: <\/p>\n\n\n\n<p>Sie haben das Recht, aus Gr\u00fcnden, die sich aus\nIhrer besonderen Situation ergeben, jederzeit gegen die Verarbeitung Sie betreffender\npersonenbezogener Daten, die aufgrund von&nbsp;<a href=\"https:\/\/dsgvo-gesetz.de\/art-6-dsgvo\/\">Art. 6<\/a>&nbsp;Abs. 1 S. 1 e) oder f) DSGVO erfolgt, Widerspruch einzulegen; dies gilt auch f\u00fcr ein auf\ndiese Bestimmungen gest\u00fctztes Profiling. Wir verarbeiten die personenbezogenen\nDaten nicht mehr, es sei denn, wir k\u00f6nnen zwingende schutzw\u00fcrdige Gr\u00fcnde f\u00fcr\ndie Verarbeitung nachweisen, die Ihre Interessen, Rechte und Freiheiten\n\u00fcberwiegen, oder die Verarbeitung dient der Geltendmachung, Aus\u00fcbung oder\nVerteidigung von Rechtsanspr\u00fcchen.<\/p>\n\n\n\n<p>Werden personenbezogene Daten von uns\nverarbeitet, um Direktwerbung zu betreiben, so haben Sie das Recht, jederzeit\nWiderspruch gegen die Verarbeitung Sie betreffender personenbezogener Daten zum\nZwecke derartiger Werbung einzulegen; dies gilt auch f\u00fcr das Profiling, soweit\nes mit solcher Direktwerbung in Verbindung steht.<\/p>\n\n\n\n<p>Sie haben das Recht, aus Gr\u00fcnden, die sich aus\nIhrer besonderen Situation ergeben, gegen die Sie betreffende Verarbeitung Sie betreffender\npersonenbezogener Daten, die zu wissenschaftlichen oder historischen\nForschungszwecken oder zu statistischen Zwecken gem\u00e4ss&nbsp;<a href=\"https:\/\/dsgvo-gesetz.de\/art-89-dsgvo\/\">Art. 89<\/a>&nbsp;Abs. 1 DSGVO erfolgt, Widerspruch einzulegen, es sei\ndenn, die Verarbeitung ist zur Erf\u00fcllung einer im \u00f6ffentlichen Interesse\nliegenden Aufgabe erforderlich.<\/p>\n\n\n\n<h2 class=\"wp-block-heading\">6.7 Automatisierte Entscheidungen einschliesslich Profiling<\/h2>\n\n\n\n<p>Sie haben das Recht, nicht einer ausschliesslich auf einer automatisierten\nVerarbeitung \u2013 einschliesslich Profiling \u2013 beruhenden Entscheidung unterworfen\nzu werden, die Ihnen gegen\u00fcber rechtliche Wirkung entfaltet oder Sie in \u00e4hnlicher Weise\nerheblich beeintr\u00e4chtigt.<\/p>\n\n\n\n<p>Eine\nautomatisierte Entscheidungsfindung auf der Grundlage der erhobenen\npersonenbezogenen Daten findet nicht statt.<\/p>\n\n\n\n<h2 class=\"wp-block-heading\">6.8 Recht auf Widerruf einer datenschutzrechtlichen Einwilligung<\/h2>\n\n\n\n<p>Sie haben das Recht, eine Einwilligung zur\nVerarbeitung personenbezogener Daten jederzeit zu widerrufen.<\/p>\n\n\n\n<h2 class=\"wp-block-heading\">6.9 Recht auf Beschwerde bei einer Aufsichtsbeh\u00f6rde<\/h2>\n\n\n\n<p>Sie haben das Recht auf Beschwerde bei einer Aufsichtsbeh\u00f6rde, insbesondere in\ndem Mitgliedstaat Ihres Aufenthaltsorts, Ihres Arbeitsplatzes oder des Orts des mutmasslichen\nVerstosses, wenn Sie der Ansicht sind, dass die Verarbeitung der Sie betreffenden personenbezogenen Daten rechtswidrig ist.<\/p>\n\n\n\n<h1 class=\"wp-block-heading\">7 Datensicherheit<\/h1>\n\n\n\n<p>Wir sind um die Sicherheit Ihrer Daten im\nRahmen der geltenden Datenschutzgesetze und technischen M\u00f6glichkeiten maximal\nbem\u00fcht. <\/p>\n\n\n\n<p>Ihre pers\u00f6nlichen Daten werden bei uns\nverschl\u00fcsselt \u00fcbertragen. Dies gilt f\u00fcr Ihre Bestellungen und auch f\u00fcr das\nKundenlogin. Wir nutzen das Codierungssystem SSL (Secure Socket Layer), weisen\njedoch darauf hin, dass die Daten\u00fcbertragung im Internet (z.B. bei der\nKommunikation per E-Mail) Sicherheitsl\u00fccken aufweisen kann. Ein l\u00fcckenloser\nSchutz der Daten vor dem Zugriff durch Dritte ist nicht m\u00f6glich.<\/p>\n\n\n\n<p>Zur Sicherung\nIhrer Daten unterhalten wir technische und organisatorische Sicherungsmassnahmen\nentsprechend Art. 32 DSGVO, die wir immer wieder dem Stand der Technik\nanpassen. <\/p>\n\n\n\n<p>Wir gew\u00e4hrleisten ausserdem nicht, dass unser\nAngebot zu bestimmten Zeiten zur Verf\u00fcgung steht; St\u00f6rungen, Unterbrechungen\noder Ausf\u00e4lle k\u00f6nnen nicht ausgeschlossen werden. Die von uns verwendeten Server\nwerden regelm\u00e4ssig sorgf\u00e4ltig gesichert.<\/p>\n\n\n\n<h1 class=\"wp-block-heading\">8 Weitergabe von Daten an Dritte, keine Daten\u00fcbertragung an Stellen ausserhalb Schweiz\/EU<\/h1>\n\n\n\n<p>Grunds\u00e4tzlich\nverwenden wir Ihre personenbezogenen Daten nur innerhalb unseres Unternehmens.<\/p>\n\n\n\n<p>Wenn und soweit\nwir Dritte im Rahmen der Erf\u00fcllung von Vertr\u00e4gen einschalten (etwa\nLogistik-Dienstleister), erhalten diese personenbezogene Daten nur in dem\nUmfang, in welchem die \u00dcbermittlung f\u00fcr die entsprechende Leistung erforderlich\nist.<\/p>\n\n\n\n<p>F\u00fcr den Fall,\ndass wir bestimmte Teile der Datenverarbeitung auslagern\n(\u201eAuftragsverarbeitung\u201c), verpflichten wir Auftragsverarbeiter vertraglich\ndazu, personenbezogene Daten nur im Einklang mit den Anforderungen der\nDatenschutzgesetze zu verwenden und den Schutz der Rechte der betroffenen Person\nzu gew\u00e4hrleisten.<\/p>\n\n\n\n<p>Eine\nDaten\u00fcbertragung an Stellen oder Personen ausserhalb der Schweiz\/EU findet\nnicht statt und ist nicht geplant. &nbsp;<\/p>\n\n\n\n<h1 class=\"wp-block-heading\">9 Datenschutzbeauftragter<\/h1>\n\n\n\n<p>Sollten Sie noch Fragen oder Bedenken zum\nDatenschutz haben, so wenden Sie sich bitte an unseren Datenschutzbeauftragten:<\/p>\n\n\n\n<p>Pascal\nKesselmark, Glatttalstrasse 118d, 8052 Z\u00fcrich<\/p>\n","protected":false},"excerpt":{"rendered":"<p>Die nachfolgende Datenschutzerkl\u00e4rung gilt f\u00fcr die Nutzung unseres Online-Angebots [www.boardgeneration.ch] (nachfolgend \u201eWebsite\u201c). Wir messen dem Datenschutz grosse Bedeutung bei. Die Erhebung und Verarbeitung Ihrer personenbezogenen Daten geschieht unter Beachtung der geltenden datenschutzrechtlichen Vorschriften, insbesondere der Datenschutzgrundverordnung (DSGVO). 1 Verantwortlicher Verantwortlicher f\u00fcr die Erhebung, Verarbeitung und Nutzung Ihrer personenbezogenen Daten im Sinne von Art. 4 Nr. [&hellip;]<\/p>\n","protected":false},"author":1,"featured_media":0,"parent":0,"menu_order":0,"comment_status":"closed","ping_status":"closed","template":"","meta":{"footnotes":""},"class_list":["post-793","page","type-page","status-publish","hentry"],"yoast_head":"<!-- This site is optimized with the Yoast SEO plugin v26.8 - https:\/\/yoast.com\/product\/yoast-seo-wordpress\/ -->\n<title>Datenschutzerkl\u00e4rung - Board Generation<\/title>\n<meta name=\"robots\" content=\"index, follow, max-snippet:-1, max-image-preview:large, max-video-preview:-1\" \/>\n<link rel=\"canonical\" href=\"https:\/\/boardgeneration.ch\/fr\/datenschutzerklaerung\/\" \/>\n<meta property=\"og:locale\" content=\"fr_FR\" \/>\n<meta property=\"og:type\" content=\"article\" \/>\n<meta property=\"og:title\" content=\"Datenschutzerkl\u00e4rung - Board Generation\" \/>\n<meta property=\"og:description\" content=\"Die nachfolgende Datenschutzerkl\u00e4rung gilt f\u00fcr die Nutzung unseres Online-Angebots [www.boardgeneration.ch] (nachfolgend \u201eWebsite\u201c). Wir messen dem Datenschutz grosse Bedeutung bei. Die Erhebung und Verarbeitung Ihrer personenbezogenen Daten geschieht unter Beachtung der geltenden datenschutzrechtlichen Vorschriften, insbesondere der Datenschutzgrundverordnung (DSGVO). 1 Verantwortlicher Verantwortlicher f\u00fcr die Erhebung, Verarbeitung und Nutzung Ihrer personenbezogenen Daten im Sinne von Art. 4 Nr. [&hellip;]\" \/>\n<meta property=\"og:url\" content=\"https:\/\/boardgeneration.ch\/fr\/datenschutzerklaerung\/\" \/>\n<meta property=\"og:site_name\" content=\"Board Generation\" \/>\n<meta property=\"article:publisher\" content=\"https:\/\/www.facebook.com\/boardgeneration.ch\" \/>\n<meta property=\"article:modified_time\" content=\"2019-08-02T19:08:07+00:00\" \/>\n<meta name=\"twitter:card\" content=\"summary_large_image\" \/>\n<meta name=\"twitter:site\" content=\"@boardgen\" \/>\n<meta name=\"twitter:label1\" content=\"Dur\u00e9e de lecture estim\u00e9e\" \/>\n\t<meta name=\"twitter:data1\" content=\"19 minutes\" \/>\n<script type=\"application\/ld+json\" class=\"yoast-schema-graph\">{\"@context\":\"https:\/\/schema.org\",\"@graph\":[{\"@type\":\"WebPage\",\"@id\":\"https:\/\/boardgeneration.ch\/en\/datenschutzerklaerung\/\",\"url\":\"https:\/\/boardgeneration.ch\/en\/datenschutzerklaerung\/\",\"name\":\"Datenschutzerkl\u00e4rung - Board Generation\",\"isPartOf\":{\"@id\":\"https:\/\/boardgeneration.ch\/#website\"},\"datePublished\":\"2019-06-30T22:43:26+00:00\",\"dateModified\":\"2019-08-02T19:08:07+00:00\",\"breadcrumb\":{\"@id\":\"https:\/\/boardgeneration.ch\/en\/datenschutzerklaerung\/#breadcrumb\"},\"inLanguage\":\"fr-FR\",\"potentialAction\":[{\"@type\":\"ReadAction\",\"target\":[\"https:\/\/boardgeneration.ch\/en\/datenschutzerklaerung\/\"]}]},{\"@type\":\"BreadcrumbList\",\"@id\":\"https:\/\/boardgeneration.ch\/en\/datenschutzerklaerung\/#breadcrumb\",\"itemListElement\":[{\"@type\":\"ListItem\",\"position\":1,\"name\":\"Startseite\",\"item\":\"https:\/\/boardgeneration.ch\/\"},{\"@type\":\"ListItem\",\"position\":2,\"name\":\"Datenschutzerkl\u00e4rung\"}]},{\"@type\":\"WebSite\",\"@id\":\"https:\/\/boardgeneration.ch\/#website\",\"url\":\"https:\/\/boardgeneration.ch\/\",\"name\":\"board generation\",\"description\":\"Back to the Roots\",\"publisher\":{\"@id\":\"https:\/\/boardgeneration.ch\/#organization\"},\"potentialAction\":[{\"@type\":\"SearchAction\",\"target\":{\"@type\":\"EntryPoint\",\"urlTemplate\":\"https:\/\/boardgeneration.ch\/?s={search_term_string}\"},\"query-input\":{\"@type\":\"PropertyValueSpecification\",\"valueRequired\":true,\"valueName\":\"search_term_string\"}}],\"inLanguage\":\"fr-FR\"},{\"@type\":\"Organization\",\"@id\":\"https:\/\/boardgeneration.ch\/#organization\",\"name\":\"board generation\",\"url\":\"https:\/\/boardgeneration.ch\/\",\"logo\":{\"@type\":\"ImageObject\",\"inLanguage\":\"fr-FR\",\"@id\":\"https:\/\/boardgeneration.ch\/#\/schema\/logo\/image\/\",\"url\":\"https:\/\/boardgeneration.ch\/wp-content\/uploads\/2019\/01\/bg-logo_mit_Text.png\",\"contentUrl\":\"https:\/\/boardgeneration.ch\/wp-content\/uploads\/2019\/01\/bg-logo_mit_Text.png\",\"width\":1040,\"height\":1155,\"caption\":\"board generation\"},\"image\":{\"@id\":\"https:\/\/boardgeneration.ch\/#\/schema\/logo\/image\/\"},\"sameAs\":[\"https:\/\/www.facebook.com\/boardgeneration.ch\",\"https:\/\/x.com\/boardgen\",\"https:\/\/www.instagram.com\/boardgen\/\"]}]}<\/script>\n<!-- \/ Yoast SEO plugin. -->","yoast_head_json":{"title":"D\u00e9claration de confidentialit\u00e9 - Board Generation","robots":{"index":"index","follow":"follow","max-snippet":"max-snippet:-1","max-image-preview":"max-image-preview:large","max-video-preview":"max-video-preview:-1"},"canonical":"https:\/\/boardgeneration.ch\/fr\/datenschutzerklaerung\/","og_locale":"fr_FR","og_type":"article","og_title":"Datenschutzerkl\u00e4rung - Board Generation","og_description":"Die nachfolgende Datenschutzerkl\u00e4rung gilt f\u00fcr die Nutzung unseres Online-Angebots [www.boardgeneration.ch] (nachfolgend \u201eWebsite\u201c). Wir messen dem Datenschutz grosse Bedeutung bei. Die Erhebung und Verarbeitung Ihrer personenbezogenen Daten geschieht unter Beachtung der geltenden datenschutzrechtlichen Vorschriften, insbesondere der Datenschutzgrundverordnung (DSGVO). 1 Verantwortlicher Verantwortlicher f\u00fcr die Erhebung, Verarbeitung und Nutzung Ihrer personenbezogenen Daten im Sinne von Art. 4 Nr. [&hellip;]","og_url":"https:\/\/boardgeneration.ch\/fr\/datenschutzerklaerung\/","og_site_name":"Board Generation","article_publisher":"https:\/\/www.facebook.com\/boardgeneration.ch","article_modified_time":"2019-08-02T19:08:07+00:00","twitter_card":"summary_large_image","twitter_site":"@boardgen","twitter_misc":{"Dur\u00e9e de lecture estim\u00e9e":"19 minutes"},"schema":{"@context":"https:\/\/schema.org","@graph":[{"@type":"WebPage","@id":"https:\/\/boardgeneration.ch\/en\/datenschutzerklaerung\/","url":"https:\/\/boardgeneration.ch\/en\/datenschutzerklaerung\/","name":"D\u00e9claration de confidentialit\u00e9 - Board Generation","isPartOf":{"@id":"https:\/\/boardgeneration.ch\/#website"},"datePublished":"2019-06-30T22:43:26+00:00","dateModified":"2019-08-02T19:08:07+00:00","breadcrumb":{"@id":"https:\/\/boardgeneration.ch\/en\/datenschutzerklaerung\/#breadcrumb"},"inLanguage":"fr-FR","potentialAction":[{"@type":"ReadAction","target":["https:\/\/boardgeneration.ch\/en\/datenschutzerklaerung\/"]}]},{"@type":"BreadcrumbList","@id":"https:\/\/boardgeneration.ch\/en\/datenschutzerklaerung\/#breadcrumb","itemListElement":[{"@type":"ListItem","position":1,"name":"Startseite","item":"https:\/\/boardgeneration.ch\/"},{"@type":"ListItem","position":2,"name":"Datenschutzerkl\u00e4rung"}]},{"@type":"WebSite","@id":"https:\/\/boardgeneration.ch\/#website","url":"https:\/\/boardgeneration.ch\/","name":"g\u00e9n\u00e9ration de conseils","description":"Retour aux sources","publisher":{"@id":"https:\/\/boardgeneration.ch\/#organization"},"potentialAction":[{"@type":"SearchAction","target":{"@type":"EntryPoint","urlTemplate":"https:\/\/boardgeneration.ch\/?s={search_term_string}"},"query-input":{"@type":"PropertyValueSpecification","valueRequired":true,"valueName":"search_term_string"}}],"inLanguage":"fr-FR"},{"@type":"Organization","@id":"https:\/\/boardgeneration.ch\/#organization","name":"g\u00e9n\u00e9ration de conseils","url":"https:\/\/boardgeneration.ch\/","logo":{"@type":"ImageObject","inLanguage":"fr-FR","@id":"https:\/\/boardgeneration.ch\/#\/schema\/logo\/image\/","url":"https:\/\/boardgeneration.ch\/wp-content\/uploads\/2019\/01\/bg-logo_mit_Text.png","contentUrl":"https:\/\/boardgeneration.ch\/wp-content\/uploads\/2019\/01\/bg-logo_mit_Text.png","width":1040,"height":1155,"caption":"board generation"},"image":{"@id":"https:\/\/boardgeneration.ch\/#\/schema\/logo\/image\/"},"sameAs":["https:\/\/www.facebook.com\/boardgeneration.ch","https:\/\/x.com\/boardgen","https:\/\/www.instagram.com\/boardgen\/"]}]}},"jetpack_sharing_enabled":true,"amp_enabled":true,"_links":{"self":[{"href":"https:\/\/boardgeneration.ch\/fr\/wp-json\/wp\/v2\/pages\/793","targetHints":{"allow":["GET"]}}],"collection":[{"href":"https:\/\/boardgeneration.ch\/fr\/wp-json\/wp\/v2\/pages"}],"about":[{"href":"https:\/\/boardgeneration.ch\/fr\/wp-json\/wp\/v2\/types\/page"}],"author":[{"embeddable":true,"href":"https:\/\/boardgeneration.ch\/fr\/wp-json\/wp\/v2\/users\/1"}],"replies":[{"embeddable":true,"href":"https:\/\/boardgeneration.ch\/fr\/wp-json\/wp\/v2\/comments?post=793"}],"version-history":[{"count":5,"href":"https:\/\/boardgeneration.ch\/fr\/wp-json\/wp\/v2\/pages\/793\/revisions"}],"predecessor-version":[{"id":822,"href":"https:\/\/boardgeneration.ch\/fr\/wp-json\/wp\/v2\/pages\/793\/revisions\/822"}],"wp:attachment":[{"href":"https:\/\/boardgeneration.ch\/fr\/wp-json\/wp\/v2\/media?parent=793"}],"curies":[{"name":"wp","href":"https:\/\/api.w.org\/{rel}","templated":true}]}}